{"id":81,"date":"2015-10-06T21:21:29","date_gmt":"2015-10-06T19:21:29","guid":{"rendered":"http:\/\/www.herbert-hutterer.de\/?page_id=81"},"modified":"2022-11-15T18:36:50","modified_gmt":"2022-11-15T17:36:50","slug":"audio","status":"publish","type":"page","link":"https:\/\/www.herbert-hutterer.de\/index.php\/audio\/","title":{"rendered":"Audio"},"content":{"rendered":"<p>Hier k\u00f6nnt Ihr ein paar Audio-Aufzeichnungen anh\u00f6ren, die in den letzten Jahren entstanden sind.<\/p>\n<hr \/>\n<p><strong>Orgel-Solo<\/strong><\/p>\n<p><strong>&#8222;Carillon de Westminster&#8220; (Louis Vierne)<\/strong><\/p>\n<p>Aufnahme vom 27.9.2020 aus der <a href=\"https:\/\/de.wikipedia.org\/wiki\/St._Peter_und_Paul_(Waldkirchen)\" target=\"_blank\" rel=\"noopener\">Stadtpfarrkirche Peter und Paul in Waldkirchen<\/a><br \/>\nVielen Dank an <a href=\"https:\/\/forestpipes.de\" target=\"_blank\" rel=\"noopener\">Thomas F\u00fcrstberger<\/a> f\u00fcr die Aufnahme<br \/>\nAnbei eine \t\t<a\t\t\t\thref=\"javascript:void(0)\"\r\n\t\t\t\tclass=\"sgpb-show-popup sgpb-popup-id-372\"\r\n\t\tdata-sgpbpopupid=\"372\"\r\n\t\tdata-popup-event=\"click\"\r\n\t\t>\r\n\t\twohlwollende Rezension\t\t<\/a>\r\n\t\t meines Konzerts<\/p>\n<!--[if lt IE 9]><script>document.createElement('audio');<\/script><![endif]-->\n\t<div class=\"wp-playlist wp-audio-playlist wp-playlist-light\">\n\t\t\t<div class=\"wp-playlist-current-item\"><\/div>\n\t\t<audio controls=\"controls\" preload=\"none\" width=\"582\"\n\t\t\t><\/audio>\n\t<div class=\"wp-playlist-next\"><\/div>\n\t<div class=\"wp-playlist-prev\"><\/div>\n\t<noscript>\n\t<ol>\n\t\t<li><a href='https:\/\/www.herbert-hutterer.de\/wp-content\/uploads\/1668\/31\/Louis_Vierne-Carillon_de_Westminster.mp3'>Louis Vierne - Carillon de Westminster<\/a><\/li>\t<\/ol>\n\t<\/noscript>\n\t<script type=\"application\/json\" class=\"wp-playlist-script\">{\"type\":\"audio\",\"tracklist\":true,\"tracknumbers\":true,\"images\":true,\"artists\":true,\"tracks\":[{\"src\":\"https:\\\/\\\/www.herbert-hutterer.de\\\/wp-content\\\/uploads\\\/1668\\\/31\\\/Louis_Vierne-Carillon_de_Westminster.mp3\",\"type\":\"audio\\\/mpeg\",\"title\":\"Louis Vierne - Carillon de Westminster\",\"caption\":\"\",\"description\":\"Louis Vierne - Carillon de Westminster\\\" aus Konzert Herbert Hutterer Waldkirchen 2020-09-27 von Herbert Hutterer.\",\"meta\":{\"artist\":\"Herbert Hutterer\",\"album\":\"Konzert Herbert Hutterer Waldkirchen 2020-09-27\",\"length_formatted\":\"7:17\"},\"image\":{\"src\":\"https:\\\/\\\/www.herbert-hutterer.de\\\/wp-content\\\/uploads\\\/2022\\\/11\\\/Louis_Vierne-Carillon_de_Westminster-mp3-image.jpg\",\"width\":1200,\"height\":1200},\"thumb\":{\"src\":\"https:\\\/\\\/www.herbert-hutterer.de\\\/wp-content\\\/uploads\\\/2022\\\/11\\\/Louis_Vierne-Carillon_de_Westminster-mp3-image-150x150.jpg\",\"width\":150,\"height\":150}}]}<\/script>\n<\/div>\n\t\n<hr \/>\n<p><strong>Saxophon &amp; Orgel<\/strong><\/p>\n<p>Aufnahmen eines Konzerts &#8222;Saxophon &amp; Orgel&#8220; am 12.9.2021 in St. Martin Niederh\u00f6cking<br \/>\nSteffi Kreilinger (Saxophon) &amp; Herbert Hutterer (Orgel)<\/p>\n<div class=\"wp-playlist wp-audio-playlist wp-playlist-light\">\n\t\t\t<div class=\"wp-playlist-current-item\"><\/div>\n\t\t<audio controls=\"controls\" preload=\"none\" width=\"582\"\n\t\t\t><\/audio>\n\t<div class=\"wp-playlist-next\"><\/div>\n\t<div class=\"wp-playlist-prev\"><\/div>\n\t<noscript>\n\t<ol>\n\t\t<li><a href='https:\/\/www.herbert-hutterer.de\/wp-content\/uploads\/1668\/33\/Pavane-Faure.mp3'>Pavane (op. 50) - G. Faur\u00e9<\/a><\/li><li><a href='https:\/\/www.herbert-hutterer.de\/wp-content\/uploads\/1668\/33\/Milonga-sin-Palabras-Piazolla.mp3'>Milonga sin Palabras - A. Piazolla<\/a><\/li><li><a href='https:\/\/www.herbert-hutterer.de\/wp-content\/uploads\/1668\/33\/LittleJazzSuite-Rap-Sofia-Stamm.mp3'>Little Jazz Suite - 1. Rap-Sofia - H. A. Stamm<\/a><\/li>\t<\/ol>\n\t<\/noscript>\n\t<script type=\"application\/json\" class=\"wp-playlist-script\">{\"type\":\"audio\",\"tracklist\":true,\"tracknumbers\":true,\"images\":true,\"artists\":true,\"tracks\":[{\"src\":\"https:\\\/\\\/www.herbert-hutterer.de\\\/wp-content\\\/uploads\\\/1668\\\/33\\\/Pavane-Faure.mp3\",\"type\":\"audio\\\/mpeg\",\"title\":\"Pavane (op. 50) - G. Faur\\u00e9\",\"caption\":\"\",\"description\":\"\\\"Pavane (op. 50) - G. Faur\\u00e9\\\" aus Konzert Saxophon & Orgel von Steffi Kreilinger & Herbert Hutterer. Ver\\u00f6ffentlicht: 2021\",\"meta\":{\"artist\":\"Steffi Kreilinger (Sax) Herbert Hutterer (Orgel)\",\"album\":\"Konzert Saxophon & Orgel 12.9.2021 Niederh\\u00f6cking\",\"year\":\"2021\",\"length_formatted\":\"5:31\"},\"image\":{\"src\":\"https:\\\/\\\/www.herbert-hutterer.de\\\/wp-content\\\/uploads\\\/2022\\\/11\\\/OrgelSax.jpg\",\"width\":1253,\"height\":1214},\"thumb\":{\"src\":\"https:\\\/\\\/www.herbert-hutterer.de\\\/wp-content\\\/uploads\\\/2022\\\/11\\\/OrgelSax-150x150.jpg\",\"width\":150,\"height\":150}},{\"src\":\"https:\\\/\\\/www.herbert-hutterer.de\\\/wp-content\\\/uploads\\\/1668\\\/33\\\/Milonga-sin-Palabras-Piazolla.mp3\",\"type\":\"audio\\\/mpeg\",\"title\":\"Milonga sin Palabras - A. Piazolla\",\"caption\":\"\",\"description\":\"\\\"Milonga sin Palabras - A. Piazolla\\\" aus Konzert Saxophon & Orgel von Steffi Kreilinger & Herbert Hutterer. Ver\\u00f6ffentlicht: 2021\",\"meta\":{\"artist\":\"Steffi Kreilinger (Sax) Herbert Hutterer (Orgel)\",\"album\":\"Konzert Saxophon & Orgel 12.9.2021 Niederh\\u00f6cking\",\"year\":\"2021\",\"length_formatted\":\"5:22\"},\"image\":{\"src\":\"https:\\\/\\\/www.herbert-hutterer.de\\\/wp-content\\\/uploads\\\/2022\\\/11\\\/OrgelSax.jpg\",\"width\":1253,\"height\":1214},\"thumb\":{\"src\":\"https:\\\/\\\/www.herbert-hutterer.de\\\/wp-content\\\/uploads\\\/2022\\\/11\\\/OrgelSax-150x150.jpg\",\"width\":150,\"height\":150}},{\"src\":\"https:\\\/\\\/www.herbert-hutterer.de\\\/wp-content\\\/uploads\\\/1668\\\/33\\\/LittleJazzSuite-Rap-Sofia-Stamm.mp3\",\"type\":\"audio\\\/mpeg\",\"title\":\"Little Jazz Suite - 1. Rap-Sofia - H. A. Stamm\",\"caption\":\"\",\"description\":\"\\\"Little Jazz Suite - 1. Rap-Sofia - H. A. Stamm\\\" aus Konzert Saxophon & Orgel von Steffi Kreilinger & Herbert Hutterer. Ver\\u00f6ffentlicht: 2021\",\"meta\":{\"artist\":\"Steffi Kreilinger (Sax) Herbert Hutterer (Orgel)\",\"album\":\"Konzert Saxophon & Orgel 12.9.2021 Niederh\\u00f6cking\",\"year\":\"2021\",\"length_formatted\":\"3:10\"},\"image\":{\"src\":\"https:\\\/\\\/www.herbert-hutterer.de\\\/wp-content\\\/uploads\\\/2022\\\/11\\\/OrgelSax.jpg\",\"width\":1253,\"height\":1214},\"thumb\":{\"src\":\"https:\\\/\\\/www.herbert-hutterer.de\\\/wp-content\\\/uploads\\\/2022\\\/11\\\/OrgelSax-150x150.jpg\",\"width\":150,\"height\":150}}]}<\/script>\n<\/div>\n\t\n<hr \/>\n<p><b>FunkAlarm Demo-Set<\/b><\/p>\n<p>Das Demo-Set stammt von <a href=\"http:\/\/www.funkalarm-band.de\" target=\"_blank\" rel=\"noopener\">www.funkalarm-band.de<br \/>\n<\/a>Im\u00a0Track 2 &#8222;Pearls of Wisdom&#8220; ist ein kleines Solo zu h\u00f6ren (gespielt auf einem echten Rhodes im Studio <a href=\"http:\/\/www.jazztrumpet.de\/Willkommen.html\" target=\"_blank\" rel=\"noopener\">&#8222;K-Langwerkstatt&#8220; von Stefan Lang<\/a>).<\/p>\n<div class=\"wp-playlist wp-audio-playlist wp-playlist-light\">\n\t\t\t<div class=\"wp-playlist-current-item\"><\/div>\n\t\t<audio controls=\"controls\" preload=\"none\" width=\"582\"\n\t\t\t><\/audio>\n\t<div class=\"wp-playlist-next\"><\/div>\n\t<div class=\"wp-playlist-prev\"><\/div>\n\t<noscript>\n\t<ol>\n\t\t<li><a href='https:\/\/www.herbert-hutterer.de\/wp-content\/uploads\/2018\/08\/High-Rollin-Intro.mp3'>High Rollin' (Intro)<\/a><\/li><li><a href='https:\/\/www.herbert-hutterer.de\/wp-content\/uploads\/2018\/08\/Pearls-of-Wisdom.mp3'>Pearls of Wisdom<\/a><\/li><li><a href='https:\/\/www.herbert-hutterer.de\/wp-content\/uploads\/2018\/08\/How-Do-You-Think.mp3'>How Do You Think<\/a><\/li><li><a href='https:\/\/www.herbert-hutterer.de\/wp-content\/uploads\/2018\/08\/The-Dealer.mp3'>The Dealer<\/a><\/li><li><a href='https:\/\/www.herbert-hutterer.de\/wp-content\/uploads\/2018\/08\/Summernight-City.mp3'>Summernight City<\/a><\/li>\t<\/ol>\n\t<\/noscript>\n\t<script type=\"application\/json\" class=\"wp-playlist-script\">{\"type\":\"audio\",\"tracklist\":true,\"tracknumbers\":true,\"images\":true,\"artists\":true,\"tracks\":[{\"src\":\"https:\\\/\\\/www.herbert-hutterer.de\\\/wp-content\\\/uploads\\\/2018\\\/08\\\/High-Rollin-Intro.mp3\",\"type\":\"audio\\\/mpeg\",\"title\":\"High Rollin' (Intro)\",\"caption\":\"\",\"description\":\"\\\"High Rollin' (Intro)\\\" von FunkAlarm. Ver\\u00f6ffentlicht: 2012. Titel 1.\",\"meta\":{\"artist\":\"FunkAlarm\",\"album\":\"Demo 2012\",\"year\":\"2012\",\"length_formatted\":\"1:34\"},\"image\":{\"src\":\"https:\\\/\\\/www.herbert-hutterer.de\\\/wp-includes\\\/images\\\/media\\\/audio.svg\",\"width\":48,\"height\":64},\"thumb\":{\"src\":\"https:\\\/\\\/www.herbert-hutterer.de\\\/wp-includes\\\/images\\\/media\\\/audio.svg\",\"width\":48,\"height\":64}},{\"src\":\"https:\\\/\\\/www.herbert-hutterer.de\\\/wp-content\\\/uploads\\\/2018\\\/08\\\/Pearls-of-Wisdom.mp3\",\"type\":\"audio\\\/mpeg\",\"title\":\"Pearls of Wisdom\",\"caption\":\"\",\"description\":\"\\\"Pearls of Wisdom\\\" von FunkAlarm. Ver\\u00f6ffentlicht: 2012. Titel 2.\",\"meta\":{\"artist\":\"FunkAlarm\",\"album\":\"Demo 2012\",\"year\":\"2012\",\"length_formatted\":\"4:33\"},\"image\":{\"src\":\"https:\\\/\\\/www.herbert-hutterer.de\\\/wp-includes\\\/images\\\/media\\\/audio.svg\",\"width\":48,\"height\":64},\"thumb\":{\"src\":\"https:\\\/\\\/www.herbert-hutterer.de\\\/wp-includes\\\/images\\\/media\\\/audio.svg\",\"width\":48,\"height\":64}},{\"src\":\"https:\\\/\\\/www.herbert-hutterer.de\\\/wp-content\\\/uploads\\\/2018\\\/08\\\/How-Do-You-Think.mp3\",\"type\":\"audio\\\/mpeg\",\"title\":\"How Do You Think\",\"caption\":\"\",\"description\":\"\\\"How Do You Think\\\" von FunkAlarm. Ver\\u00f6ffentlicht: 2012. Titel 3.\",\"meta\":{\"artist\":\"FunkAlarm\",\"album\":\"Demo 2012\",\"year\":\"2012\",\"length_formatted\":\"3:57\"},\"image\":{\"src\":\"https:\\\/\\\/www.herbert-hutterer.de\\\/wp-includes\\\/images\\\/media\\\/audio.svg\",\"width\":48,\"height\":64},\"thumb\":{\"src\":\"https:\\\/\\\/www.herbert-hutterer.de\\\/wp-includes\\\/images\\\/media\\\/audio.svg\",\"width\":48,\"height\":64}},{\"src\":\"https:\\\/\\\/www.herbert-hutterer.de\\\/wp-content\\\/uploads\\\/2018\\\/08\\\/The-Dealer.mp3\",\"type\":\"audio\\\/mpeg\",\"title\":\"The Dealer\",\"caption\":\"\",\"description\":\"\\\"The Dealer\\\" von FunkAlarm. Ver\\u00f6ffentlicht: 2012. Titel 4.\",\"meta\":{\"artist\":\"FunkAlarm\",\"album\":\"Demo 2012\",\"year\":\"2012\",\"length_formatted\":\"4:31\"},\"image\":{\"src\":\"https:\\\/\\\/www.herbert-hutterer.de\\\/wp-includes\\\/images\\\/media\\\/audio.svg\",\"width\":48,\"height\":64},\"thumb\":{\"src\":\"https:\\\/\\\/www.herbert-hutterer.de\\\/wp-includes\\\/images\\\/media\\\/audio.svg\",\"width\":48,\"height\":64}},{\"src\":\"https:\\\/\\\/www.herbert-hutterer.de\\\/wp-content\\\/uploads\\\/2018\\\/08\\\/Summernight-City.mp3\",\"type\":\"audio\\\/mpeg\",\"title\":\"Summernight City\",\"caption\":\"\",\"description\":\"\\\"Summernight City\\\" von FunkAlarm. Ver\\u00f6ffentlicht: 2012. Titel 5.\",\"meta\":{\"artist\":\"FunkAlarm\",\"year\":\"2012\",\"length_formatted\":\"3:31\"},\"image\":{\"src\":\"https:\\\/\\\/www.herbert-hutterer.de\\\/wp-includes\\\/images\\\/media\\\/audio.svg\",\"width\":48,\"height\":64},\"thumb\":{\"src\":\"https:\\\/\\\/www.herbert-hutterer.de\\\/wp-includes\\\/images\\\/media\\\/audio.svg\",\"width\":48,\"height\":64}}]}<\/script>\n<\/div>\n\t\n<hr \/>\n<p><b>&#8222;In the Mood&#8220; (Arr. Joe Garland)\u00a0<\/b>\/ Bigband des Comenius-Gymnasium<br \/>\nDas sind nat\u00fcrlich die besonderen Momente meines Jobs als Musiklehrer und (in dem Fall) Bigband-Leiter&#8230; \ud83d\ude42<br \/>\n<em>Live-Aufnahme vom Sommerkonzert des Comenius-Gymnasiums Deggendorf am 27.06.2013 mit der Solo-Besetzung der Comenius-Bigband<\/em><\/p>\n<p><em>Verena Blaimer, Franziska Arbinger (as)<\/em><br \/>\n<em>Aaron Heckscher, Daniel Braun (ts)<\/em><br \/>\n<em>Andrea Keilhofer (bs)<\/em><br \/>\n<em>Andreas Prem, Alexander Grill, Ricarda Schmidt, Hans Stoiber (tp)<\/em><br \/>\n<em>Birger Pistohl, Adrian Blaimer, Michael Dankesreiter, Florian Sicklinger (tb)<\/em><br \/>\n<em>Carina Utrata (p)<\/em><br \/>\n<em>Michael Wallner (b)<\/em><br \/>\n<em>Alex Gerl (dr)<\/em><br \/>\n<em>Herbert Hutterer (l)<\/em><\/p>\n<div class=\"wp-playlist wp-audio-playlist wp-playlist-light\">\n\t\t\t<div class=\"wp-playlist-current-item\"><\/div>\n\t\t<audio controls=\"controls\" preload=\"none\" width=\"582\"\n\t\t\t><\/audio>\n\t<div class=\"wp-playlist-next\"><\/div>\n\t<div class=\"wp-playlist-prev\"><\/div>\n\t<noscript>\n\t<ol>\n\t\t<li><a href='https:\/\/www.herbert-hutterer.de\/wp-content\/uploads\/2018\/08\/30-In-the-Mood.mp3'>In the Mood<\/a><\/li>\t<\/ol>\n\t<\/noscript>\n\t<script type=\"application\/json\" class=\"wp-playlist-script\">{\"type\":\"audio\",\"tracklist\":true,\"tracknumbers\":true,\"images\":true,\"artists\":true,\"tracks\":[{\"src\":\"https:\\\/\\\/www.herbert-hutterer.de\\\/wp-content\\\/uploads\\\/2018\\\/08\\\/30-In-the-Mood.mp3\",\"type\":\"audio\\\/mpeg\",\"title\":\"In the Mood\",\"caption\":\"\",\"description\":\"\\\"In the Mood\\\" aus Sommerkonzert Comenius 2013 von Comenius-Bigband. Ver\\u00f6ffentlicht: 2013\",\"meta\":{\"artist\":\"Comenius-Bigband\",\"album\":\"Sommerkonzert Comenius 2013\",\"year\":\"2013\",\"length_formatted\":\"3:50\"},\"image\":{\"src\":\"https:\\\/\\\/www.herbert-hutterer.de\\\/wp-includes\\\/images\\\/media\\\/audio.svg\",\"width\":48,\"height\":64},\"thumb\":{\"src\":\"https:\\\/\\\/www.herbert-hutterer.de\\\/wp-includes\\\/images\\\/media\\\/audio.svg\",\"width\":48,\"height\":64}}]}<\/script>\n<\/div>\n\t\n<hr \/>\n<p><strong>&#8222;Les Anges dans nos campagnes&#8220; (Satz: H. Hutterer)<\/strong> \/ Unterstufenchor des Comenius-Gymnasium<br \/>\nAuch hier ein Beispiel aus meiner Arbeit als Musiklehrer.<br \/>\n<em>Weihnachtskonzert 2014<\/em><br \/>\n<em>Aufzeichnung vom 18.12.2014<\/em><br \/>\n<em>Stadtpfarrkirche St. Martin \/ Deggendorf<\/em><\/p>\n<div class=\"wp-playlist wp-audio-playlist wp-playlist-light\">\n\t\t\t<div class=\"wp-playlist-current-item\"><\/div>\n\t\t<audio controls=\"controls\" preload=\"none\" width=\"582\"\n\t\t\t><\/audio>\n\t<div class=\"wp-playlist-next\"><\/div>\n\t<div class=\"wp-playlist-prev\"><\/div>\n\t<noscript>\n\t<ol>\n\t\t<li><a href='https:\/\/www.herbert-hutterer.de\/wp-content\/uploads\/2018\/08\/03-Les-anges-dans-nos-campagnes.mp3'>Les anges dans nos campagnes<\/a><\/li>\t<\/ol>\n\t<\/noscript>\n\t<script type=\"application\/json\" class=\"wp-playlist-script\">{\"type\":\"audio\",\"tracklist\":true,\"tracknumbers\":true,\"images\":true,\"artists\":true,\"tracks\":[{\"src\":\"https:\\\/\\\/www.herbert-hutterer.de\\\/wp-content\\\/uploads\\\/2018\\\/08\\\/03-Les-anges-dans-nos-campagnes.mp3\",\"type\":\"audio\\\/mpeg\",\"title\":\"Les anges dans nos campagnes\",\"caption\":\"\",\"description\":\"\\\"Les anges dans nos campagnes\\\"\",\"meta\":{\"artist\":\"Unterstufenchor Comenius-Gymnasium Deggendorf\",\"album\":\"Weihnachtskonzert 2014\",\"length_formatted\":\"2:42\"},\"image\":{\"src\":\"https:\\\/\\\/www.herbert-hutterer.de\\\/wp-includes\\\/images\\\/media\\\/audio.svg\",\"width\":48,\"height\":64},\"thumb\":{\"src\":\"https:\\\/\\\/www.herbert-hutterer.de\\\/wp-includes\\\/images\\\/media\\\/audio.svg\",\"width\":48,\"height\":64}}]}<\/script>\n<\/div>\n\t\n<hr \/>\n<p><strong>&#8222;Birdland&#8220;<\/strong> \/ Bigband des Comenius-Gymnasium<br \/>\n<em>Live-Aufnahme vom Bigband-Konzert des LIONS-Club Deggendorf \/ 19.03.2013 \/ Stadthalle Deggendorf<\/em><\/p>\n<div class=\"wp-playlist wp-audio-playlist wp-playlist-light\">\n\t\t\t<div class=\"wp-playlist-current-item\"><\/div>\n\t\t<audio controls=\"controls\" preload=\"none\" width=\"582\"\n\t\t\t><\/audio>\n\t<div class=\"wp-playlist-next\"><\/div>\n\t<div class=\"wp-playlist-prev\"><\/div>\n\t<noscript>\n\t<ol>\n\t\t<li><a href='https:\/\/www.herbert-hutterer.de\/wp-content\/uploads\/2018\/08\/03-Birdland.mp3'>Birdland<\/a><\/li>\t<\/ol>\n\t<\/noscript>\n\t<script type=\"application\/json\" class=\"wp-playlist-script\">{\"type\":\"audio\",\"tracklist\":true,\"tracknumbers\":true,\"images\":true,\"artists\":true,\"tracks\":[{\"src\":\"https:\\\/\\\/www.herbert-hutterer.de\\\/wp-content\\\/uploads\\\/2018\\\/08\\\/03-Birdland.mp3\",\"type\":\"audio\\\/mpeg\",\"title\":\"Birdland\",\"caption\":\"\",\"description\":\"\\\"Birdland\\\" aus Lions-Konzert 2014 von Comenius-Bigband\",\"meta\":{\"artist\":\"Comenius-Bigband\",\"album\":\"Lions-Konzert 2014\",\"length_formatted\":\"3:07\"},\"image\":{\"src\":\"https:\\\/\\\/www.herbert-hutterer.de\\\/wp-includes\\\/images\\\/media\\\/audio.svg\",\"width\":48,\"height\":64},\"thumb\":{\"src\":\"https:\\\/\\\/www.herbert-hutterer.de\\\/wp-includes\\\/images\\\/media\\\/audio.svg\",\"width\":48,\"height\":64}}]}<\/script>\n<\/div>\n\t\n<hr \/>\n<p><strong>&#8222;S\u00fc\u00dfer die Glocken nie klingen&#8220;<\/strong><br \/>\n<em>Entstanden als kleiner musikalischer &#8222;Spass&#8220;, als ich ein Arrangement im jazzigen Stil f\u00fcr eine Weihnachts-Gala erstellt habe. \ud83d\ude09 Leadsheet ist auf Anfrage erh\u00e4ltlich. (Aufgezeichnet zuhause mit Nord Stage 2)<\/em><\/p>\n<div class=\"wp-playlist wp-audio-playlist wp-playlist-light\">\n\t\t\t<div class=\"wp-playlist-current-item\"><\/div>\n\t\t<audio controls=\"controls\" preload=\"none\" width=\"582\"\n\t\t\t><\/audio>\n\t<div class=\"wp-playlist-next\"><\/div>\n\t<div class=\"wp-playlist-prev\"><\/div>\n\t<noscript>\n\t<ol>\n\t\t<li><a href='https:\/\/www.herbert-hutterer.de\/wp-content\/uploads\/2018\/08\/S\u00fc\u00dfer-die-Glocken.mp3'>S\u00fc\u00dfer die Glocken nie klingen<\/a><\/li>\t<\/ol>\n\t<\/noscript>\n\t<script type=\"application\/json\" class=\"wp-playlist-script\">{\"type\":\"audio\",\"tracklist\":true,\"tracknumbers\":true,\"images\":true,\"artists\":true,\"tracks\":[{\"src\":\"https:\\\/\\\/www.herbert-hutterer.de\\\/wp-content\\\/uploads\\\/2018\\\/08\\\/S\\u00fc\\u00dfer-die-Glocken.mp3\",\"type\":\"audio\\\/mpeg\",\"title\":\"S\\u00fc\\u00dfer die Glocken nie klingen\",\"caption\":\"\",\"description\":\"\\\"S\\u00fc\\u00dfer die Glocken\\\"\",\"meta\":{\"artist\":\"Herbert Hutterer\",\"length_formatted\":\"5:01\"},\"image\":{\"src\":\"https:\\\/\\\/www.herbert-hutterer.de\\\/wp-includes\\\/images\\\/media\\\/audio.svg\",\"width\":48,\"height\":64},\"thumb\":{\"src\":\"https:\\\/\\\/www.herbert-hutterer.de\\\/wp-includes\\\/images\\\/media\\\/audio.svg\",\"width\":48,\"height\":64}}]}<\/script>\n<\/div>\n\t\n<hr \/>\n<p><strong>&#8222;Sittin&#8216; on the Dock of the Bay&#8220;<\/strong><br \/>\n<em>Eine Home-Production des bekannten Songs von Otis Redding auf Logic Pro. War als Play-Along f\u00fcr eine Sch\u00fclerband gedacht zum Mit\u00fcben. \ud83d\ude42 Vielleicht kanns ja jemand brauchen. Falls eine andere Tonart als D-Dur ben\u00f6tigt wird &#8211;&gt; einfach melden! \ud83d\ude42<\/em><\/p>\n<div class=\"wp-playlist wp-audio-playlist wp-playlist-light\">\n\t\t\t<div class=\"wp-playlist-current-item\"><\/div>\n\t\t<audio controls=\"controls\" preload=\"none\" width=\"582\"\n\t\t\t><\/audio>\n\t<div class=\"wp-playlist-next\"><\/div>\n\t<div class=\"wp-playlist-prev\"><\/div>\n\t<noscript>\n\t<ol>\n\t\t<li><a href='https:\/\/www.herbert-hutterer.de\/wp-content\/uploads\/2018\/08\/Sittin-on-the-dock-playalong-in-D.mp3'>Sittin on the Dock of the bay<\/a><\/li>\t<\/ol>\n\t<\/noscript>\n\t<script type=\"application\/json\" class=\"wp-playlist-script\">{\"type\":\"audio\",\"tracklist\":true,\"tracknumbers\":true,\"images\":true,\"artists\":true,\"tracks\":[{\"src\":\"https:\\\/\\\/www.herbert-hutterer.de\\\/wp-content\\\/uploads\\\/2018\\\/08\\\/Sittin-on-the-dock-playalong-in-D.mp3\",\"type\":\"audio\\\/mpeg\",\"title\":\"Sittin on the Dock of the bay\",\"caption\":\"\",\"description\":\"\\\"Sittin on the Dock of the bay\\\" \\\/ orig. Otis Redding \\\/ Playalong: Herbert Hutterer \\\/ Ver\\u00f6ffentlicht: 2013.\",\"meta\":{\"artist\":\"Herbert Hutterer\",\"year\":\"2013\",\"length_formatted\":\"2:42\"},\"image\":{\"src\":\"https:\\\/\\\/www.herbert-hutterer.de\\\/wp-includes\\\/images\\\/media\\\/audio.svg\",\"width\":48,\"height\":64},\"thumb\":{\"src\":\"https:\\\/\\\/www.herbert-hutterer.de\\\/wp-includes\\\/images\\\/media\\\/audio.svg\",\"width\":48,\"height\":64}}]}<\/script>\n<\/div>\n\t\n","protected":false},"excerpt":{"rendered":"<p>Hier k\u00f6nnt Ihr ein paar Audio-Aufzeichnungen anh\u00f6ren, die in den letzten Jahren entstanden sind. Orgel-Solo &#8222;Carillon de Westminster&#8220; (Louis Vierne) Aufnahme vom 27.9.2020 aus der Stadtpfarrkirche Peter und Paul in Waldkirchen Vielen Dank an Thomas F\u00fcrstberger f\u00fcr die Aufnahme Anbei eine meines Konzerts Saxophon &amp; Orgel Aufnahmen eines Konzerts &#8222;Saxophon &amp; Orgel&#8220; am 12.9.2021 in &hellip; <a href=\"https:\/\/www.herbert-hutterer.de\/index.php\/audio\/\" class=\"more-link\"><span class=\"screen-reader-text\">Audio<\/span> weiterlesen <span class=\"meta-nav\">&rarr;<\/span><\/a><\/p>\n","protected":false},"author":1,"featured_media":0,"parent":0,"menu_order":0,"comment_status":"closed","ping_status":"closed","template":"","meta":{"footnotes":""},"class_list":["post-81","page","type-page","status-publish","hentry"],"_links":{"self":[{"href":"https:\/\/www.herbert-hutterer.de\/index.php\/wp-json\/wp\/v2\/pages\/81","targetHints":{"allow":["GET"]}}],"collection":[{"href":"https:\/\/www.herbert-hutterer.de\/index.php\/wp-json\/wp\/v2\/pages"}],"about":[{"href":"https:\/\/www.herbert-hutterer.de\/index.php\/wp-json\/wp\/v2\/types\/page"}],"author":[{"embeddable":true,"href":"https:\/\/www.herbert-hutterer.de\/index.php\/wp-json\/wp\/v2\/users\/1"}],"replies":[{"embeddable":true,"href":"https:\/\/www.herbert-hutterer.de\/index.php\/wp-json\/wp\/v2\/comments?post=81"}],"version-history":[{"count":29,"href":"https:\/\/www.herbert-hutterer.de\/index.php\/wp-json\/wp\/v2\/pages\/81\/revisions"}],"predecessor-version":[{"id":378,"href":"https:\/\/www.herbert-hutterer.de\/index.php\/wp-json\/wp\/v2\/pages\/81\/revisions\/378"}],"wp:attachment":[{"href":"https:\/\/www.herbert-hutterer.de\/index.php\/wp-json\/wp\/v2\/media?parent=81"}],"curies":[{"name":"wp","href":"https:\/\/api.w.org\/{rel}","templated":true}]}}